{"id":388,"date":"2015-12-07T05:50:20","date_gmt":"2015-12-07T04:50:20","guid":{"rendered":"http:\/\/localhost\/wp-faculty\/?page_id=2"},"modified":"2021-03-07T19:07:10","modified_gmt":"2021-03-07T18:07:10","slug":"accueil","status":"publish","type":"page","link":"https:\/\/www.ericclua.fr\/en\/","title":{"rendered":"Home"},"content":{"rendered":"<p>[vc_row][vc_column]<h1 class=\"fac-big-title fac-title text-left fac-big-title\" style=\"color:\">About me<\/h1>\n[vc_column_text]<a href=\"http:\/\/www.ericclua.fr\/wp-content\/uploads\/2015\/12\/arriere-plan.jpg\" target=\"_blank\" rel=\"noopener noreferrer\"><img loading=\"lazy\" decoding=\"async\" class=\"alignleft wp-image-458\" style=\"margin-right: 10px;\" title=\"Photo Thomas Vignaud\" src=\"http:\/\/www.ericclua.fr\/wp-content\/uploads\/2015\/12\/arriere-plan.jpg\" alt=\"Photo Thomas Vignaud\" width=\"373\" height=\"353\" srcset=\"https:\/\/www.ericclua.fr\/wp-content\/uploads\/2015\/12\/arriere-plan.jpg 740w, https:\/\/www.ericclua.fr\/wp-content\/uploads\/2015\/12\/arriere-plan-300x284.jpg 300w\" sizes=\"(max-width: 373px) 100vw, 373px\" \/><\/a>After starting my career as a veterinary surgeon, I specialized in marine ecology, in<br \/>\nenvironmental economy and eco-anthropology. Since 2005, I have focused scientifically on<br \/>\nthe role played by sharks in tropical ecosystems. Besides a classic ecological approach, I also<br \/>\nfocus in the behaviour of great sharks and in understanding their attacks on men. I have<br \/>\nwritten many scientific articles as well as a book on the subject, and I fight for the<br \/>\npreservation of sharks through the written and television media, as well as through lectures to<br \/>\nthe general public. From the early age of five, my father taught me scuba diving and<br \/>\nunderwater hunting, and I am now a national instructor in free-diving. I have trained scores of<br \/>\nfree-diving instructors, written several books and dozens of articles in magazines focusing on<br \/>\nthe fauna or underwater hunting, illustrated with hundreds of pictures I took. Thanks to<br \/>\nunderwater photography, I have discovered video and framing while free-diving, before<br \/>\nbecoming a professional diver. I shot my first documentary in 2002, and, the same year was<br \/>\nrewarded with my first Palme d\u2019Or at the international underwater film festival in Antibes.<br \/>\nRight after, I shot a dozen films, was a contributor to as many, either as a camera operator or<br \/>\njust as an actor. I am also a quite good rugby player; a pilot, a hunter, a fisherman I have been<br \/>\nto almost all the continents and oceans of the world; as a world traveller interested in<br \/>\neverything, I have garnered a huge experience; I reveal a few of these facets, within reach of<br \/>\nsome of my contemporaries, being careful not to let my passion and my desire to share turn<br \/>\ninto a sin of pride.[\/vc_column_text][\/vc_column][\/vc_row][vc_row bg_color=&#8221;#fcfcfc&#8221;][vc_column width=&#8221;1\/2&#8243;]<h3 class=\"fac-title text-center briefcase\" style=\"color:\">Exp\u00e9rience professionnelle<\/h3>\n<ul class=\"ul-dates \">\n\t\t\t<li class=\"\">\n\t\t\t\t<div class=\"dates\"><span>Pr\u00e9sent<\/span><span>2016<\/span><\/div>\n\t\t\t\t<div class=\"content\"><h4>Directeur d'Etudes EPHE -<\/h4><p>Laboratoire USR3278 CNRS-EPHE-UPVD, Universit\u00e9 de Perpignan, France<\/p><\/div>\n\t\t\t<\/li>\n\t\t\t<li class=\"\">\n\t\t\t\t<div class=\"dates\"><span>2016<\/span><span>2012<\/span><\/div>\n\t\t\t\t<div class=\"content\"><h4>Charg\u00e9 de mission pour la recherche et la technologie (CMRT)<\/h4><p>Polyn\u00e9sie fran\u00e7aise, Papeete, Haut-Commissariat de la R\u00e9publique<\/p><\/div>\n\t\t\t<\/li>\n\t\t\t<li class=\"\">\n\t\t\t\t<div class=\"dates\"><span>2012<\/span><span>2005<\/span><\/div>\n\t\t\t\t<div class=\"content\"><h4>Directeur du Programme CRISP (Coral Reef InitiativeS for the Pacific)<\/h4><p>Nouvelle-Cal\u00e9donie, Noum\u00e9a, Secr\u00e9tariat de la Communaut\u00e9 du Pacifique<\/p><\/div>\n\t\t\t<\/li>\n\t\t\t<li class=\"\">\n\t\t\t\t<div class=\"dates\"><span>2005<\/span><span>2004<\/span><\/div>\n\t\t\t\t<div class=\"content\"><h4>Conseiller technique Projets<\/h4><p>France, Paris, Agence Fran\u00e7aise de D\u00e9veloppement<\/p><\/div>\n\t\t\t<\/li>\n\t\t\t<li class=\"\">\n\t\t\t\t<div class=\"dates\"><span>2004<\/span><span>2003<\/span><\/div>\n\t\t\t\t<div class=\"content\"><h4>Charg\u00e9 de recherche contractuel (th\u00e9sard)<\/h4><p>France, Perpignan, UMR3678 EPHE-CNRS<\/p><\/div>\n\t\t\t<\/li>\n\t\t\t<li class=\"\">\n\t\t\t\t<div class=\"dates\"><span>2003<\/span><span>2001<\/span><\/div>\n\t\t\t\t<div class=\"content\"><h4>Conseiller technique P\u00eache<\/h4><p>Nouvelle-Cal\u00e9donie, Noum\u00e9a, Secr\u00e9tariat de la Communaut\u00e9 du Pacifique<\/p><\/div>\n\t\t\t<\/li>\n\t\t\t<li class=\"\">\n\t\t\t\t<div class=\"dates\"><span>2001<\/span><span>2000<\/span><\/div>\n\t\t\t\t<div class=\"content\"><h4>Charg\u00e9 de mission<\/h4><p>France, Paris, Conseil G\u00e9n\u00e9ral V\u00e9t\u00e9rinaire<\/p><\/div>\n\t\t\t<\/li>\n\t\t\t<li class=\"\">\n\t\t\t\t<div class=\"dates\"><span>2000<\/span><span>1996<\/span><\/div>\n\t\t\t\t<div class=\"content\"><h4>Chef de projet<\/h4><p>Mauritanie, Nouakchott, Direction du D\u00e9veloppement Rural et de l\u2019Agro-Pastoralisme<\/p><\/div>\n\t\t\t<\/li>\n\t\t\t<li class=\"\">\n\t\t\t\t<div class=\"dates\"><span>1996<\/span><span>1995<\/span><\/div>\n\t\t\t\t<div class=\"content\"><h4>Charg\u00e9 de mission<\/h4><p>France, Paris, Conseil G\u00e9n\u00e9ral V\u00e9t\u00e9rinaire<\/p><\/div>\n\t\t\t<\/li>\n\t\t\t<li class=\"\">\n\t\t\t\t<div class=\"dates\"><span>1995<\/span><span>1991<\/span><\/div>\n\t\t\t\t<div class=\"content\"><h4>Chef de projet<\/h4><p>Commonwealth de la Dominique, Roseau, Minist\u00e8re de l\u2019Agriculture et de la P\u00eache<\/p><\/div>\n\t\t\t<\/li>\n\t\t\t<li class=\"\">\n\t\t\t\t<div class=\"dates\"><span>1991<\/span><span>1990<\/span><\/div>\n\t\t\t\t<div class=\"content\"><h4>Consultant junior<\/h4><p>France, Paris, Cabinet Ernst&amp;Young<\/p><\/div>\n\t\t\t<\/li>\n\t\t\t<li class=\"\">\n\t\t\t\t<div class=\"dates\"><span>1990<\/span><span>1988<\/span><\/div>\n\t\t\t\t<div class=\"content\"><h4>V\u00e9t\u00e9rinaire rempla\u00e7ant<\/h4><p>France, Sud-Ouest et Centre, cabinets mixtes<\/p><\/div>\n\t\t\t<\/li><\/ul>[\/vc_column][vc_column width=&#8221;1\/2&#8243;]<h3 class=\"fac-title text-center graduation-cap\" style=\"color:\">Formation acad\u00e9mique<\/h3>\n<ul class=\"ul-card \">\n\t\t\t<li class=\"\">\n\t\t\t\t<div class=\"dy\"><span class=\"degree\">HDR<\/span>\n\t\t\t\t<span class=\"year\">2013<\/span><\/div>\n\t\t\t\t<div class=\"description\"><p class=\"what\">Habilitation \u00e0 Diriger les Recherches<\/p><p class=\"where\">Universit\u00e9 de Perpignan, Perpignan - France<\/p><\/div>\n\t\t\t<\/li>\n\t\t\t<li class=\"\">\n\t\t\t\t<div class=\"dy\"><span class=\"degree\">Th\u00e8se<\/span>\n\t\t\t\t<span class=\"year\">2004<\/span><\/div>\n\t\t\t\t<div class=\"description\"><p class=\"what\">Doctorat EPHE en \u00e9cologie marine<\/p><p class=\"where\">Ecole Pratique des Hautes Etudes, Section Sciences de la Vie et de la Terre - France<\/p><\/div>\n\t\t\t<\/li>\n\t\t\t<li class=\"\">\n\t\t\t\t<div class=\"dy\"><span class=\"degree\">Stage<\/span>\n\t\t\t\t<span class=\"year\">2003<\/span><\/div>\n\t\t\t\t<div class=\"description\"><p class=\"what\">Ecologie num\u00e9rique<\/p><p class=\"where\">Universit\u00e9 de Montr\u00e9al, Laboratoire de Pierre Legendre - Canada (Qu\u00e9bec)<\/p><\/div>\n\t\t\t<\/li>\n\t\t\t<li class=\"\">\n\t\t\t\t<div class=\"dy\"><span class=\"degree\">Master<\/span>\n\t\t\t\t<span class=\"year\">2000<\/span><\/div>\n\t\t\t\t<div class=\"description\"><p class=\"what\">Dipl\u00f4me de l\u2019EPHE<\/p><p class=\"where\">Ecole Pratique des Hautes Etudes, Section Sciences de la Vie et de la Terre - France<\/p><\/div>\n\t\t\t<\/li>\n\t\t\t<li class=\"\">\n\t\t\t\t<div class=\"dy\"><span class=\"degree\">Stage<\/span>\n\t\t\t\t<span class=\"year\">1998<\/span><\/div>\n\t\t\t\t<div class=\"description\"><p class=\"what\">Economie de l\u2019environnement<\/p><p class=\"where\">Centre International de la Recherche Agronomique et D\u00e9veloppement (CIRAD), Montpellier - France<\/p><\/div>\n\t\t\t<\/li>\n\t\t\t<li class=\"\">\n\t\t\t\t<div class=\"dy\"><span class=\"degree\">Th\u00e8se<\/span>\n\t\t\t\t<span class=\"year\">1993<\/span><\/div>\n\t\t\t\t<div class=\"description\"><p class=\"what\">Doctorat v\u00e9t\u00e9rinaire<\/p><p class=\"where\">Universit\u00e9 Paul Sabatier, Toulouse - France<\/p><\/div>\n\t\t\t<\/li>\n\t\t\t<li class=\"\">\n\t\t\t\t<div class=\"dy\"><span class=\"degree\">Dipl\u00f4me<\/span>\n\t\t\t\t<span class=\"year\">1991<\/span><\/div>\n\t\t\t\t<div class=\"description\"><p class=\"what\">Dipl\u00f4me de l\u2019Ecole Sup\u00e9rieure des Sciences Economiques et Commerciales<\/p><p class=\"where\">ESSEC, Cergy-Pontoise - France<\/p><\/div>\n\t\t\t<\/li>\n\t\t\t<li class=\"\">\n\t\t\t\t<div class=\"dy\"><span class=\"degree\">Dipl\u00f4me<\/span>\n\t\t\t\t<span class=\"year\">1989<\/span><\/div>\n\t\t\t\t<div class=\"description\"><p class=\"what\">Dipl\u00f4me de l\u2019Ecole Nationale V\u00e9t\u00e9rinaire de Toulouse<\/p><p class=\"where\">ENVT, Toulouse - France<\/p><\/div>\n\t\t\t<\/li>\n\t\t\t<li class=\"\">\n\t\t\t\t<div class=\"dy\"><span class=\"degree\">Pr\u00e9pa<\/span>\n\t\t\t\t<span class=\"year\">1985<\/span><\/div>\n\t\t\t\t<div class=\"description\"><p class=\"what\">Classes pr\u00e9paratoires aux Grandes Ecoles<\/p><p class=\"where\">Lyc\u00e9e Pierre de Fermat, Toulouse - France<\/p><\/div>\n\t\t\t<\/li><\/ul>[\/vc_column][\/vc_row][vc_row bg_color=&#8221;#f7f7f7&#8243;][vc_column width=&#8221;1\/12&#8243;][\/vc_column][vc_column width=&#8221;5\/6&#8243;]<h2 class=\"fac-title text-center camera\" style=\"color:\">Exp\u00e9rience en productions audio-visuelles<\/h2>\n<ul class=\"timeline \">\n\t\t\t<li class=\"\">\n\t\t\t\t<div class=\"date\">Jan. 2015<\/div>\n\t\t\t\t<div class=\"circle\"><\/div>\n\t\t\t\t<div class=\"data\"><div class=\"subject\">Portrait dans un documentaire pour Thalassa - \u00ab&nbsp;Les gardiens du lagon de Nouvelle-Cal\u00e9donie&nbsp;\u00bb<\/div><div class=\"text row\">\n\t\t    <div class=\"col-md-12\">\n\t\t        110 mn - LPBV Prod. - R\u00e9al. T. Raguet\n\t\t    <\/div><\/div><\/div>\n\t\t\t<\/li>\n\t\t\t<li class=\"\">\n\t\t\t\t<div class=\"date\">Oct. 2013<\/div>\n\t\t\t\t<div class=\"circle\"><\/div>\n\t\t\t\t<div class=\"data\"><div class=\"subject\">Prix sp\u00e9cial du jury en tant que r\u00e9alisateur au Festival Mondial de l\u2019Image sous-marine de Marseille - \u00ab&nbsp;Plasticus&nbsp;\u00bb (court-m\u00e9trage)<\/div><div class=\"text row\">\n\t\t    <div class=\"col-md-12\">\n\t\t        5 mn - Dagsit Prod. - R\u00e9al. E. Clua\n\t\t    <\/div><\/div><\/div>\n\t\t\t<\/li>\n\t\t\t<li class=\"\">\n\t\t\t\t<div class=\"date\">2012<\/div>\n\t\t\t\t<div class=\"circle\"><\/div>\n\t\t\t\t<div class=\"data\"><div class=\"subject\">R\u00e9alisateur d'un documentaire pour Plan\u00e8te Thalassa - \u00ab&nbsp;Fakarava, la passe de tous les dangers&nbsp;\u00bb<\/div><div class=\"text row\">\n\t\t    <div class=\"col-md-12\">\n\t\t        52 mn - Dagsit Prod. - R\u00e9al. E. Clua\n\t\t    <\/div><\/div><\/div>\n\t\t\t<\/li>\n\t\t\t<li class=\"\">\n\t\t\t\t<div class=\"date\">2011<\/div>\n\t\t\t\t<div class=\"circle\"><\/div>\n\t\t\t\t<div class=\"data\"><div class=\"subject\">Co-R\u00e9alisateur pour un documentaire pour ARTE - \u00ab&nbsp;The secrets of Chesterfields islands&nbsp;\u00bb<\/div><div class=\"text row\">\n\t\t    <div class=\"col-md-12\">\n\t\t        52 mn - Cinemarine - R\u00e9al. C. P\u00e9tron et E. Clua\n\t\t    <\/div><\/div><\/div>\n\t\t\t<\/li>\n\t\t\t<li class=\"\">\n\t\t\t\t<div class=\"date\">2011<\/div>\n\t\t\t\t<div class=\"circle\"><\/div>\n\t\t\t\t<div class=\"data\"><div class=\"subject\">R\u00e9alisateur pour un documentaire pour USHUAIA TV - \u00ab&nbsp;The secrets of Chesterfields islands&nbsp;\u00bb<\/div><div class=\"text row\">\n\t\t    <div class=\"col-md-12\">\n\t\t        52 mn - Cinemarine - R\u00e9al. C. P\u00e9tron\n\t\t    <\/div><\/div><\/div>\n\t\t\t<\/li>\n\t\t\t<li class=\"\">\n\t\t\t\t<div class=\"date\">2011<\/div>\n\t\t\t\t<div class=\"circle\"><\/div>\n\t\t\t\t<div class=\"data\"><div class=\"subject\">Prix sp\u00e9cial du jury en tant que r\u00e9alisateur aux Festivals Mondiaux de l\u2019Image sous-marine de Noum\u00e9a et Mamoudzou - \u00ab&nbsp;R\u00e9trospective&nbsp;\u00bb<\/div><div class=\"text row\">\n\t\t    <div class=\"col-md-12\">\n\t\t        5 mn - Dagsit Prod. - R\u00e9al. E. Clua\n\t\t    <\/div><\/div><\/div>\n\t\t\t<\/li>\n\t\t\t<li class=\"\">\n\t\t\t\t<div class=\"date\">Nov. 2010<\/div>\n\t\t\t\t<div class=\"circle\"><\/div>\n\t\t\t\t<div class=\"data\"><div class=\"subject\">R\u00e9alisateur d'un documentaire pour France TV - \u00ab&nbsp;Petit poisson deviendra grand&nbsp;\u00bb<\/div><div class=\"text row\">\n\t\t    <div class=\"col-md-12\">\n\t\t        26 mn - Nouvelle-Cal\u00e9donie Premi\u00e8re - R\u00e9al. E. Clua\n\t\t    <\/div><\/div><\/div>\n\t\t\t<\/li>\n\t\t\t<li class=\"\">\n\t\t\t\t<div class=\"date\">Juil. 2010<\/div>\n\t\t\t\t<div class=\"circle\"><\/div>\n\t\t\t\t<div class=\"data\"><div class=\"subject\">R\u00e9alisateur d'un documentaire pour France TV - \u00ab&nbsp;L\u2019\u00eele au dollar-fish&nbsp;\u00bb<\/div><div class=\"text row\">\n\t\t    <div class=\"col-md-12\">\n\t\t        26 mn - Nouvelle-Cal\u00e9donie Premi\u00e8re - R\u00e9al. E. Clua\n\t\t    <\/div><\/div><\/div>\n\t\t\t<\/li>\n\t\t\t<li class=\"\">\n\t\t\t\t<div class=\"date\">Nov. 2009<\/div>\n\t\t\t\t<div class=\"circle\"><\/div>\n\t\t\t\t<div class=\"data\"><div class=\"subject\">R\u00e9alisateur d'un documentaire pour France TV - \u00ab&nbsp;Corail \u00e0 tout prix&nbsp;\u00bb<\/div><div class=\"text row\">\n\t\t    <div class=\"col-md-12\">\n\t\t        26 mn - Nouvelle-Cal\u00e9donie Premi\u00e8re - R\u00e9al. E. Clua\n\t\t    <\/div><\/div><\/div>\n\t\t\t<\/li>\n\t\t\t<li class=\"\">\n\t\t\t\t<div class=\"date\">Oct. 2009<\/div>\n\t\t\t\t<div class=\"circle\"><\/div>\n\t\t\t\t<div class=\"data\"><div class=\"subject\">Acteur d'un documentaire TV pour France \u00d4 - \u00ab&nbsp;Un oc\u00e9an, des \u00eeles et des Polyn\u00e9siens&nbsp;\u00bb<\/div><div class=\"text row\">\n\t\t    <div class=\"col-md-12\">\n\t\t        Merapi Prod. - R\u00e9al. P. Freling\n\t\t    <\/div><\/div><\/div>\n\t\t\t<\/li>\n\t\t\t<li class=\"\">\n\t\t\t\t<div class=\"date\">Jan. 2009<\/div>\n\t\t\t\t<div class=\"circle\"><\/div>\n\t\t\t\t<div class=\"data\"><div class=\"subject\">Portrait dans un documentaire pour Thalassa - \u00ab&nbsp;Eric et les requins&nbsp;\u00bb<\/div><div class=\"text row\">\n\t\t    <div class=\"col-md-12\">\n\t\t        9 mn - Bonne compagnie - R\u00e9al. C. Feletin\n\t\t    <\/div><\/div><\/div>\n\t\t\t<\/li>\n\t\t\t<li class=\"\">\n\t\t\t\t<div class=\"date\">2006<\/div>\n\t\t\t\t<div class=\"circle\"><\/div>\n\t\t\t\t<div class=\"data\"><div class=\"subject\">R\u00e9alisateur d'un documentaire pour Seasons - \u00ab&nbsp;La chasse au service du lagon&nbsp;\u00bb<\/div><div class=\"text row\">\n\t\t    <div class=\"col-md-12\">\n\t\t        52 mn - Grand Angle - R\u00e9al. E. Clua\n\t\t    <\/div><\/div><\/div>\n\t\t\t<\/li>\n\t\t\t<li class=\"\">\n\t\t\t\t<div class=\"date\">2005<\/div>\n\t\t\t\t<div class=\"circle\"><\/div>\n\t\t\t\t<div class=\"data\"><div class=\"subject\">R\u00e9alisateur d'un documentaire institutionnel - \u00ab&nbsp;Le commerce du poisson vivant destin\u00e9 \u00e0 la consommation&nbsp;\u00bb<\/div><div class=\"text row\">\n\t\t    <div class=\"col-md-12\">\n\t\t        13 mn - Dagsit Prod. - R\u00e9al. E. Clua\n\t\t    <\/div><\/div><\/div>\n\t\t\t<\/li>\n\t\t\t<li class=\"\">\n\t\t\t\t<div class=\"date\">2005<\/div>\n\t\t\t\t<div class=\"circle\"><\/div>\n\t\t\t\t<div class=\"data\"><div class=\"subject\">R\u00e9alisateur d'un documentaire institutionnel - \u00ab&nbsp;Les jardiniers de Prony&nbsp;\u00bb<\/div><div class=\"text row\">\n\t\t    <div class=\"col-md-12\">\n\t\t        13 mn - Dagsit Prod. - R\u00e9al. E. Clua\n\t\t    <\/div><\/div><\/div>\n\t\t\t<\/li>\n\t\t\t<li class=\"\">\n\t\t\t\t<div class=\"date\">2004<\/div>\n\t\t\t\t<div class=\"circle\"><\/div>\n\t\t\t\t<div class=\"data\"><div class=\"subject\">R\u00e9alisateur d'un documentaire pour RFO - \u00ab&nbsp;ADN, requins \u00e0 la trace&nbsp;\u00bb<\/div><div class=\"text row\">\n\t\t    <div class=\"col-md-12\">\n\t\t        26 mn - RFO Nouvelle-Cal\u00e9donie - R\u00e9al. P. Caillet\n\t\t    <\/div><\/div><\/div>\n\t\t\t<\/li>\n\t\t\t<li class=\"\">\n\t\t\t\t<div class=\"date\">2003<\/div>\n\t\t\t\t<div class=\"circle\"><\/div>\n\t\t\t\t<div class=\"data\"><div class=\"subject\">Cadreur sous-marin pour un documentaire pour Canal + et Discovery Channel - \u00ab&nbsp;Requins, vautours des mers&nbsp;\u00bb<\/div><div class=\"text row\">\n\t\t    <div class=\"col-md-12\">\n\t\t        Saint-Thomas Prod. - R\u00e9al. C. Barbancon\n\t\t    <\/div><\/div><\/div>\n\t\t\t<\/li>\n\t\t\t<li class=\"\">\n\t\t\t\t<div class=\"date\">2003<\/div>\n\t\t\t\t<div class=\"circle\"><\/div>\n\t\t\t\t<div class=\"data\"><div class=\"subject\">Auteur et acteur dans un documentaire pour RFO - \u00ab&nbsp;Chasses extr\u00eames&nbsp;\u00bb<\/div><div class=\"text row\">\n\t\t    <div class=\"col-md-12\">\n\t\t        26 mn - RFO Nouvelle-Cal\u00e9donie - R\u00e9al. N. Daly\n\t\t    <\/div><\/div><\/div>\n\t\t\t<\/li>\n\t\t\t<li class=\"\">\n\t\t\t\t<div class=\"date\">2002<\/div>\n\t\t\t\t<div class=\"circle\"><\/div>\n\t\t\t\t<div class=\"data\"><div class=\"subject\">Palme d\u2019or an tant que r\u00e9alisateur dans la cat\u00e9gorie \u00ab&nbsp;Court-m\u00e9trages&nbsp;\u00bb du Festival Mondial de l\u2019Image sous-marine d\u2019Antibes - \u00ab&nbsp;A bout de souffle&nbsp;\u00bb<\/div><div class=\"text row\">\n\t\t    <div class=\"col-md-12\">\n\t\t        20 mn - Dagsit Prod. - R\u00e9al. E. Clua\n\t\t    <\/div><\/div><\/div>\n\t\t\t<\/li>\n\t\t\t<li class=\"\">\n\t\t\t\t<div class=\"date\">2000<\/div>\n\t\t\t\t<div class=\"circle\"><\/div>\n\t\t\t\t<div class=\"data\"><div class=\"subject\">Auteur et acteur dans un documentaire pour France 5 - \u00ab&nbsp;Chasses crois\u00e9es aux A\u00e7ores&nbsp;\u00bb<\/div><div class=\"text row\">\n\t\t    <div class=\"col-md-12\">\n\t\t        26 mn - G\u00e9d\u00e9on Prod. - R\u00e9al. D. Tahi\n\t\t    <\/div><\/div><\/div>\n\t\t\t<\/li><\/ul>[\/vc_column][vc_column width=&#8221;1\/12&#8243;][\/vc_column][\/vc_row][vc_row bg_color=&#8221;#f7f7f7&#8243;][vc_column width=&#8221;1\/12&#8243;][\/vc_column][vc_column width=&#8221;5\/6&#8243;]<h2 class=\"fac-title text-center ecriture\" style=\"color:\">Exp\u00e9rience en \u00e9criture<\/h2>\n<ul class=\"timeline \">\n\t\t\t<li class=\"\">\n\t\t\t\t<div class=\"date\">2015<\/div>\n\t\t\t\t<div class=\"circle\"><\/div>\n\t\t\t\t<div class=\"data\"><div class=\"subject\">Co-auteur du livre : \u00ab&nbsp;Requins d\u2019Oc\u00e9anie, ethno-\u00e9cologie d\u2019un pr\u00e9dateur marin&nbsp;\u00bb<\/div><div class=\"text row\">\n\t\t    <div class=\"col-md-12\">\n\t\t        E. Clua et Jean Guiart - Edition Te Pito O Te Fenua - 300 pp.\n\t\t    <\/div><\/div><\/div>\n\t\t\t<\/li>\n\t\t\t<li class=\"\">\n\t\t\t\t<div class=\"date\">2015<\/div>\n\t\t\t\t<div class=\"circle\"><\/div>\n\t\t\t\t<div class=\"data\"><div class=\"subject\">Auteur d'un chapitre de livre : \u00ab&nbsp;L\u2019entrainement \u00e0 l\u2019apn\u00e9e : approche pratique&nbsp;\u00bb<\/div><div class=\"text row\">\n\t\t    <div class=\"col-md-12\">\n\t\t        In \u00ab&nbsp;L\u2019apn\u00e9e : De la th\u00e9orie \u00e0 la pratique&nbsp;\u00bb. Ed. Presses Universitaires de Rouen et du Havre. Chap. 2 : 327-376.\n\t\t    <\/div><\/div><\/div>\n\t\t\t<\/li>\n\t\t\t<li class=\"\">\n\t\t\t\t<div class=\"date\">2015<\/div>\n\t\t\t\t<div class=\"circle\"><\/div>\n\t\t\t\t<div class=\"data\"><div class=\"subject\">Auteur d'un chapitre de livre : \u00ab&nbsp;Contribution du yoga pour l\u2019entra\u00eenement \u00e0 l\u2019apn\u00e9e&nbsp;\u00bb<\/div><div class=\"text row\">\n\t\t    <div class=\"col-md-12\">\n\t\t        In \u00ab&nbsp;L\u2019apn\u00e9e : De la th\u00e9orie \u00e0 la pratique&nbsp;\u00bb. Ed. Presses Universitaires de Rouen et du Havre. Chap. 3 : 377-426.\n\t\t    <\/div><\/div><\/div>\n\t\t\t<\/li>\n\t\t\t<li class=\"\">\n\t\t\t\t<div class=\"date\">2014<\/div>\n\t\t\t\t<div class=\"circle\"><\/div>\n\t\t\t\t<div class=\"data\"><div class=\"subject\">Auteur du livre : \u00ab&nbsp;La chasse sous-marine moderne&nbsp;\u00bb (2e \u00e9dition)<\/div><div class=\"text row\">\n\t\t    <div class=\"col-md-12\">\n\t\t        E. Clua - Ed. AMPHORA - 448 pp.\n\t\t    <\/div><\/div><\/div>\n\t\t\t<\/li>\n\t\t\t<li class=\"\">\n\t\t\t\t<div class=\"date\">2012<\/div>\n\t\t\t\t<div class=\"circle\"><\/div>\n\t\t\t\t<div class=\"data\"><div class=\"subject\">Auteur d'un chapitre de livre : \u00ab&nbsp;New Caledonia as a potential wintering ground for the white shark (Carcharodon carcharias)&nbsp;\u00bb<\/div><div class=\"text row\">\n\t\t    <div class=\"col-md-12\">\n\t\t        In : Domeier ML editor. Global Perspectives on the Biology and Life History of the Great White Shark, CRC Press, Boca Raton, FL. Pp 341-351.\n\t\t    <\/div><\/div><\/div>\n\t\t\t<\/li>\n\t\t\t<li class=\"\">\n\t\t\t\t<div class=\"date\">2007<\/div>\n\t\t\t\t<div class=\"circle\"><\/div>\n\t\t\t\t<div class=\"data\"><div class=\"subject\">Auteur d'un chapitre de livre : \u00ab&nbsp;L\u2019entrainement \u00e0 l\u2019apn\u00e9e : approche pratique&nbsp;\u00bb<\/div><div class=\"text row\">\n\t\t    <div class=\"col-md-12\">\n\t\t        In \u00ab&nbsp;L\u2019apn\u00e9e : De la th\u00e9orie \u00e0 la pratique&nbsp;\u00bb. Ed. Presses Universitaires de Rouen et du Havre. Chap. III-2 : 329-372.\n\t\t    <\/div><\/div><\/div>\n\t\t\t<\/li>\n\t\t\t<li class=\"\">\n\t\t\t\t<div class=\"date\">2007<\/div>\n\t\t\t\t<div class=\"circle\"><\/div>\n\t\t\t\t<div class=\"data\"><div class=\"subject\">Auteur d'un chapitre de livre : \u00ab&nbsp;Contribution du yoga pour l\u2019entra\u00eenement \u00e0 l\u2019apn\u00e9e&nbsp;\u00bb<\/div><div class=\"text row\">\n\t\t    <div class=\"col-md-12\">\n\t\t        In \u00ab&nbsp;L\u2019apn\u00e9e : De la th\u00e9orie \u00e0 la pratique&nbsp;\u00bb. Ed. Presses Universitaires de Rouen et du Havre. Chap. III-3 : 373-411.\n\t\t    <\/div><\/div><\/div>\n\t\t\t<\/li>\n\t\t\t<li class=\"\">\n\t\t\t\t<div class=\"date\">2002<\/div>\n\t\t\t\t<div class=\"circle\"><\/div>\n\t\t\t\t<div class=\"data\"><div class=\"subject\">Auteur d'un chapitre de livre : \u00ab&nbsp;Death of a blue princess&nbsp;\u00bb<\/div><div class=\"text row\">\n\t\t    <div class=\"col-md-12\">\n\t\t        In \u00ab&nbsp;Whales and Dolphins - Cetacean world guide&nbsp;\u00bb - IKAN collection - Debelius edition - 305 pp. Pp 45-51.\n\t\t    <\/div><\/div><\/div>\n\t\t\t<\/li>\n\t\t\t<li class=\"\">\n\t\t\t\t<div class=\"date\">2001<\/div>\n\t\t\t\t<div class=\"circle\"><\/div>\n\t\t\t\t<div class=\"data\"><div class=\"subject\">Co-auteur d'un livre : \u00ab&nbsp;La chasse sous-marine moderne&nbsp;\u00bb<\/div><div class=\"text row\">\n\t\t    <div class=\"col-md-12\">\n\t\t        E. Clua et F. Grosvalet - Ed. AMPHORA - 335 pp.\n\t\t    <\/div><\/div><\/div>\n\t\t\t<\/li>\n\t\t\t<li class=\"\">\n\t\t\t\t<div class=\"date\">1991-2004<\/div>\n\t\t\t\t<div class=\"circle\"><\/div>\n\t\t\t\t<div class=\"data\"><div class=\"subject\">Contributeur au magazine de chasse sous-marine \u00ab&nbsp;APNEA&nbsp;\u00bb<\/div><div class=\"text row\">\n\t\t    <div class=\"col-md-12\">\n\t\t        25 articles\n\t\t    <\/div><\/div><\/div>\n\t\t\t<\/li>\n\t\t\t<li class=\"\">\n\t\t\t\t<div class=\"date\">1992-1997<\/div>\n\t\t\t\t<div class=\"circle\"><\/div>\n\t\t\t\t<div class=\"data\"><div class=\"subject\">Contributeur au magazine \u00ab&nbsp;La revue du Saint-Hubert&nbsp;\u00bb<\/div><div class=\"text row\">\n\t\t    <div class=\"col-md-12\">\n\t\t        5 articles\n\t\t    <\/div><\/div><\/div>\n\t\t\t<\/li><\/ul>[\/vc_column][vc_column width=&#8221;1\/12&#8243;][\/vc_column][\/vc_row][vc_row bg_color=&#8221;#f7f7f7&#8243;][vc_column width=&#8221;1\/12&#8243;][\/vc_column][vc_column width=&#8221;1\/12&#8243;][\/vc_column][\/vc_row][vc_row bg_color=&#8221;#f7f7f7&#8243;][vc_column width=&#8221;1\/12&#8243;][\/vc_column][vc_column width=&#8221;1\/12&#8243;][\/vc_column][\/vc_row]<\/p>","protected":false},"excerpt":{"rendered":"<p>[vc_row][vc_column][vc_column_text]After starting my career as a veterinary surgeon, I specialized in marine ecology, in environmental economy and eco-anthropology. Since 2005, [&hellip;]<\/p>\n","protected":false},"author":2,"featured_media":0,"parent":0,"menu_order":0,"comment_status":"open","ping_status":"closed","template":"page-pagebuilder.php","meta":{"footnotes":""},"class_list":["post-388","page","type-page","status-publish","hentry"],"_links":{"self":[{"href":"https:\/\/www.ericclua.fr\/en\/wp-json\/wp\/v2\/pages\/388"}],"collection":[{"href":"https:\/\/www.ericclua.fr\/en\/wp-json\/wp\/v2\/pages"}],"about":[{"href":"https:\/\/www.ericclua.fr\/en\/wp-json\/wp\/v2\/types\/page"}],"author":[{"embeddable":true,"href":"https:\/\/www.ericclua.fr\/en\/wp-json\/wp\/v2\/users\/2"}],"replies":[{"embeddable":true,"href":"https:\/\/www.ericclua.fr\/en\/wp-json\/wp\/v2\/comments?post=388"}],"version-history":[{"count":105,"href":"https:\/\/www.ericclua.fr\/en\/wp-json\/wp\/v2\/pages\/388\/revisions"}],"predecessor-version":[{"id":1576,"href":"https:\/\/www.ericclua.fr\/en\/wp-json\/wp\/v2\/pages\/388\/revisions\/1576"}],"wp:attachment":[{"href":"https:\/\/www.ericclua.fr\/en\/wp-json\/wp\/v2\/media?parent=388"}],"curies":[{"name":"wp","href":"https:\/\/api.w.org\/{rel}","templated":true}]}}