{"id":32,"date":"2015-12-07T17:42:52","date_gmt":"2015-12-07T16:42:52","guid":{"rendered":"http:\/\/localhost\/wp-faculty\/?page_id=32"},"modified":"2024-07-22T09:33:19","modified_gmt":"2024-07-22T08:33:19","slug":"recherche","status":"publish","type":"page","link":"https:\/\/www.ericclua.fr\/en\/recherche\/","title":{"rendered":"Recherche EN"},"content":{"rendered":"<p>[vc_row][vc_column][vc_column_text][\/vc_column_text][\/vc_column][\/vc_row][vc_row][vc_column]<h1 class=\"fac-big-title fac-title text-left\" style=\"color:\">Recherche<\/h1>\n[vc_row_inner][vc_column_inner width=&#8221;2\/3&#8243;][vc_column_text]Mon focus scientifique concerne le r\u00f4le et le comportement des top-pr\u00e9dateurs marins au sein des \u00e9cosyst\u00e8mes, et les interactions avec l\u2019homme. Mon mod\u00e8le animal de pr\u00e9dilection sont les requins au sein des \u00e9cosyst\u00e8mes tropicaux, caract\u00e9ris\u00e9s par leur complexit\u00e9 fonctionnelle.<\/p>\n<p>Je me suis sp\u00e9cialis\u00e9 sur les grands requins, repr\u00e9sentant un danger potentiel pour l\u2019homme, \u00e0 savoir le requin Blanc (<em>Carcharodon carcharias<\/em>), le requin Tigre (<em>Galeocerdo cuvier<\/em>), le requin Bouledogue (<em>Carcharhinus leucas<\/em>) et le requin oc\u00e9anique (<em>Carcharhinus longimanus<\/em>) que j\u2019\u00e9tudie dans le Pacifique Ouest et Est, notamment autour de la Nouvelle-Cal\u00e9donie en Polyn\u00e9sie fran\u00e7aise, depuis 2005. Outre une approche \u00e9cologique classique, je me suis focalis\u00e9 sur le comportement et la compr\u00e9hension des morsures sur l\u2019homme.<\/p>\n<p>J\u2019ai\u00a0 beaucoup travaill\u00e9 sur le requin Citron Faucille (<em>Negaprion acutidens<\/em>) dans le contexte du nourrissage artificiel (<em>shark feeding<\/em>) en Polyn\u00e9sie fran\u00e7aise, entre 2005 et 1010, en \u00e9tudiant \u00e0 la fois l\u2019impact des pratiques sur la biologie des animaux et les risques de morsure sur l\u2019homme, potentiellement engendr\u00e9s par le nourrissage.<\/p>\n<p>J\u2019ai aussi d\u00e9velopp\u00e9 depuis 2012 une approche \u00e9conomique et \u00e9co-anthropologique de la probl\u00e9matique de conservation des r\u00e9cifs coralliens en g\u00e9n\u00e9ral et des populations de requins en particulier. Mon approche passe par l\u2019utilisation du concept de \u00ab&nbsp;services \u00e9cosyst\u00e9miques&nbsp;\u00bb et le d\u00e9veloppement des outils que sont les \u00ab&nbsp;paiements pour services \u00e9cosyst\u00e9miques&nbsp;\u00bb ou la mise en \u0153uvre des Aires Marines G\u00e9r\u00e9es.<\/p>\n<p>En marge de ces axes sp\u00e9cifiques, je continue \u00e0 publier sur d\u2019autres domaines d\u2019int\u00e9r\u00eats pour moi que sont l&#8217;\u00e9thologie chez les c\u00e9tac\u00e9s odontoc\u00e8tes (\u00e0 dents), l\u2019\u00e9co-toxicologie (en particulier la ciguat\u00e9ra), l\u2019\u00e9cologie des poissons de r\u00e9cifs, ou encore l\u2019apn\u00e9e chez l\u2019homme.[\/vc_column_text][\/vc_column_inner][vc_column_inner width=&#8221;1\/3&#8243;]<h3 class=\"fac-title text-center\" style=\"color:\">Centres d&#039;int\u00e9r\u00eat<\/h3>\n<ul class=\"ul-boxed list-unstyled\"><li class=\"\">COMPREHENSION DES MOTIVATION DE MORSURES DE REQUINS SUR L\u2019HOMME<\/li><li class=\"\">GESTION RAISONNEE ET ECO-RESPONSABLE DES MORSURES DE REQUINS SUR L\u2019HOMME<\/li><li class=\"\">CONTRIBUTION DES REQUINS AUX SERVICES ECOSYSTEMIQUES<\/li><li class=\"\">ECO-ANTHROPOLOGIE ET CONSERVATION DES REQUINS<\/li><li class=\"\">FONCTIONNEMENT ET RESILIENCE DES ECOSYSTEMES RECIFO-CORALLIENS<\/li><li class=\"\">GESTION DURABLE DES RESSOURCES NATURELLES<\/li><\/ul>[\/vc_column_inner][\/vc_row_inner][\/vc_column][\/vc_row][vc_row bg_color=&#8221;#fcfcfc&#8221;][vc_column]<h2 class=\"fac-title text-center\" style=\"color:\">Principaux collaborateurs actuels<\/h2>\n[vc_row_inner][vc_column_inner width=&#8221;2\/3&#8243;]<div class=\"lab-carousels-wrapper lab-1189606870\"><div class=\"labp-heads-wrap \">\n\t\t\t<div class=\"dummy-lab-item \">\n\t\t\t\t<div class=\"lab-item-image\"><img src=https:\/\/www.ericclua.fr\/wp-content\/uploads\/2015\/12\/wp_Nicolas-Buray.png alt=\"Nicolas Buray, plongeur naturaliste\" class=\"img-circle lab-img\"><\/div>\n\t\t\t\t<div class=\"lab-item-info\"><h3>Nicolas Buray, plongeur naturaliste<\/h3><h4>Observatoire des Requins de Polyn\u00e9sie<\/h4>\n\t\t\t<\/div><\/div>\n\t\t\t<div class=\"dummy-lab-item \">\n\t\t\t\t<div class=\"lab-item-image\"><img src=https:\/\/www.ericclua.fr\/wp-content\/uploads\/2015\/12\/wp_Serge-Planes.png alt=\"Serge Planes, g\u00e9n\u00e9ticien\" class=\"img-circle lab-img\"><\/div>\n\t\t\t\t<div class=\"lab-item-info\"><h3>Serge Planes, g\u00e9n\u00e9ticien<\/h3><h4>Directeur de recherche CNRS, UMR3278 EPHE-CNRS-UPVD<\/h4>\n\t\t\t<\/div><\/div>\n\t\t\t<div class=\"dummy-lab-item \">\n\t\t\t\t<div class=\"lab-item-image\"><img src=https:\/\/www.ericclua.fr\/wp-content\/uploads\/2015\/12\/wp_Jean-Guiart.png alt=\"Jean Guiart, ethnologue\" class=\"img-circle lab-img\"><\/div>\n\t\t\t\t<div class=\"lab-item-info\"><h3>Jean Guiart, ethnologue<\/h3><h4>Professeur honoraire, Ecole Pratique des Hautes Etudes<\/h4>\n\t\t\t<\/div><\/div>\n\t\t\t<div class=\"dummy-lab-item \">\n\t\t\t\t<div class=\"lab-item-image\"><img src=https:\/\/www.ericclua.fr\/wp-content\/uploads\/2015\/12\/wp_Frede\u0081ric-Torrente.png alt=\"Fr\u00e9d\u00e9ric Torrente, ethno-anthropologue\" class=\"img-circle lab-img\"><\/div>\n\t\t\t\t<div class=\"lab-item-info\"><h3>Fr\u00e9d\u00e9ric Torrente, ethno-anthropologue<\/h3><h4>Post-doc, UMR3278 EPHE-CNRS-UPVD<\/h4>\n\t\t\t<\/div><\/div>\n\t\t\t<div class=\"dummy-lab-item \">\n\t\t\t\t<div class=\"lab-item-image\"><img src=https:\/\/www.ericclua.fr\/wp-content\/uploads\/2015\/12\/wp_Johann-Mourier.png alt=\"Johann Mourier, \u00e9co-comportementaliste\" class=\"img-circle lab-img\"><\/div>\n\t\t\t\t<div class=\"lab-item-info\"><h3>Johann Mourier, \u00e9co-comportementaliste<\/h3><h4>Post-doc, UMR3278 EPHE-CNRS-UPVD<\/h4>\n\t\t\t<\/div><\/div>\n\t\t\t<div class=\"dummy-lab-item \">\n\t\t\t\t<div class=\"lab-item-image\"><img src=https:\/\/www.ericclua.fr\/wp-content\/uploads\/2015\/12\/wp_Nicolas-Pascal.png alt=\"Nicolas Pascal, \u00e9conomiste de l\u2019environnement\" class=\"img-circle lab-img\"><\/div>\n\t\t\t\t<div class=\"lab-item-info\"><h3>Nicolas Pascal, \u00e9conomiste de l\u2019environnement<\/h3><h4>Charg\u00e9 de conf\u00e9rence EPHE associ\u00e9, UMR3278 EPHE-CNRS-UPVD<\/h4>\n\t\t\t<\/div><\/div>\n\t\t\t<div class=\"dummy-lab-item \">\n\t\t\t\t<div class=\"lab-item-image\"><img src=https:\/\/www.ericclua.fr\/wp-content\/uploads\/2015\/12\/wp_Pierpaolo-Brena.jpg alt=\"Pierpaolo Brena, \u00e9co-comportementaliste\" class=\"img-circle lab-img\"><\/div>\n\t\t\t\t<div class=\"lab-item-info\"><h3>Pierpaolo Brena, \u00e9co-comportementaliste<\/h3><h4>Th\u00e9sard, UMR3278 EPHE-CNRS-UPVD<\/h4>\n\t\t\t<\/div><\/div>\n\t\t\t<div class=\"dummy-lab-item \">\n\t\t\t\t<div class=\"lab-item-image\"><img src=https:\/\/www.ericclua.fr\/wp-content\/uploads\/2015\/12\/wp_Pierre-Legendre.png alt=\"Pierre Legendre, statisticien\" class=\"img-circle lab-img\"><\/div>\n\t\t\t\t<div class=\"lab-item-info\"><h3>Pierre Legendre, statisticien<\/h3><h4>Professeur, Universit\u00e9 de Montr\u00e9al<\/h4>\n\t\t\t<\/div><\/div><div class=\"lab-carousel\"><\/div> <div><a href=\"#\" class=\"prev\"><i class=\"fa fa-chevron-circle-left\"><\/i><\/a><a href=\"#\" class=\"next\"><i class=\"fa fa-chevron-circle-right\"><\/i><\/a><\/div><\/div><div class=\"lab-details\"><\/div><\/div>[\/vc_column_inner][vc_column_inner width=&#8221;1\/3&#8243;][vc_column_text]J\u2019ai collabor\u00e9 avec des dizaines de personnes dans le cadre de mes recherches scientifiques et la liste ci-contre est forc\u00e9ment incompl\u00e8te. Ne sont pr\u00e9sent\u00e9es ici que les personnes avec qui je collabore actuellement et plus particuli\u00e8rement. Que certains absents de cette liste me pardonnent s\u2019ils jugent avoir \u00e9t\u00e9 ind\u00fbment oubli\u00e9s\u2026[\/vc_column_text][\/vc_column_inner][\/vc_row_inner][\/vc_column][\/vc_row][vc_row bg_color=&#8221;#f7f7f7&#8243;][vc_column]<h2 class=\"fac-title text-center\" style=\"color:\">Projets de recherche<\/h2>\n<ul class=\"ul-withdetails \"><li class=\"\"><div class=\"row\">\n\t\t\t\t<div class=\"col-sm-6 col-md-3\"><div class=\"image\"><img src=https:\/\/www.ericclua.fr\/wp-content\/uploads\/2024\/07\/YDU-NH.jpg alt=\"Projet Shark Ecosystem Services (2014-Pr\u00e9sent)\" class=\"img-responsive\"><div class=\"imageoverlay\"><i class=\"fa fa-search\"><\/i><\/div><\/div><\/div><div class=\"col-sm-6 col-md-9\"><div class=\"meta\"><h3>Projet Shark Ecosystem Services (2014-Pr\u00e9sent)<\/h3><p><\/p><\/div><\/div><\/div>\n\t\t<div class=\"details\">\n\t\t\t<p>Ce projet a d\u00e9but\u00e9 en 2014 sur la base de la publication dans la revue de la Communaut\u00e9 du Pacifique d\u2019un article co-\u00e9crit avec Nicolas Pascal (Sp\u00e9cialiste en \u00e9conomie de l\u2019environnement) (Clua and Pascal 2014). L\u2019objectif est de d\u00e9crire de la fa\u00e7on la plus exhaustive possible tous les services \u00e9cosyst\u00e9miques fournis par les requins en les isolant, les caract\u00e9risant biologiquement et en proposant une \u00e9valuation \u00e9conomique de chaque services et ce, afin de promouvoir l\u2019importance des requins dans les \u00e9cosyst\u00e8mes marins.<\/p>\n<p>Clua, E., Pascal, N. (2014) Shark-based ecotourism in the South Pacific : toward the Payment for Ecosystem Services ? SPC Fisheries Bulletin. 144, 30-34.<\/p>\n\n\t\t<\/div> <\/li><li class=\"\"><div class=\"row\">\n\t\t\t\t<div class=\"col-sm-6 col-md-3\"><div class=\"image\"><img src=https:\/\/www.ericclua.fr\/wp-content\/uploads\/2024\/07\/YDU-NH-1.jpg alt=\"Projet  KUATA+  (2022-Pr\u00e9sent)\" class=\"img-responsive\"><div class=\"imageoverlay\"><i class=\"fa fa-search\"><\/i><\/div><\/div><\/div><div class=\"col-sm-6 col-md-9\"><div class=\"meta\"><h3>Projet  KUATA+  (2022-Pr\u00e9sent)<\/h3><p><\/p><\/div><\/div><\/div>\n\t\t<div class=\"details\">\n\t\t\t<p>Ce projet a d\u00e9but\u00e9 en 2022 dans le cadre de l\u2019ANR Etho-Predator qui a permis l\u2019affectation d\u2019un doctorant sur cette \u00eele fidjienne o\u00f9 s\u2019est d\u00e9velopp\u00e9e une activit\u00e9 \u00e9co-touristique bas\u00e9e sur l\u2019observation en plong\u00e9e des requins. Ce contexte a permis l\u2019acc\u00e8s \u00e0 une population de requins bouledogue afin d\u2019\u00e9tudier leur comportement individuel. Le projet KUATA+, qui int\u00e8gre une collaboration avec l\u2019\u00e9quipe du Dr Carl Meyer (Universit\u00e9 de Hawaii), consiste \u00e0 appuyer la dynamique vertueuse actuelle de d\u00e9veloppement durable autour de la cr\u00e9ation d\u2019une Aire Marine Prot\u00e9g\u00e9e sur le r\u00e9cifs de Yakawe. La rente \u00e9conomique d\u00e9gag\u00e9e gr\u00e2ce \u00e0 l\u2019activit\u00e9 \u00e9cotouristique doit permettre la mise en place de paiements pour services \u00e9cosyst\u00e9miques dont les retomb\u00e9es financi\u00e8res vont b\u00e9n\u00e9ficier aux villages fidjiens environnants afin d\u2019am\u00e9liorer leur niveau de vie et leur capacit\u00e9 \u00e0 g\u00e9rer durablement l\u2019AMP, en ayant recours \u00e0 une recherche scientifique adapt\u00e9e.<\/p>\n\n\t\t<\/div> <\/li><li class=\"\"><div class=\"row\">\n\t\t\t\t<div class=\"col-sm-6 col-md-3\"><div class=\"image\"><img src=https:\/\/www.ericclua.fr\/wp-content\/uploads\/2015\/12\/Map-connectivity.jpg alt=\"Projet CLIPPERTON (2016-Pr\u00e9sent)\" class=\"img-responsive\"><div class=\"imageoverlay\"><i class=\"fa fa-search\"><\/i><\/div><\/div><\/div><div class=\"col-sm-6 col-md-9\"><div class=\"meta\"><h3>Projet CLIPPERTON (2016-Pr\u00e9sent)<\/h3><p>Etude de la connectivit\u00e9 spatiale et g\u00e9n\u00e9tique des requins migrateurs du Pacifique Tropical Est<\/p><\/div><\/div><\/div>\n\t\t<div class=\"details\">\n\t\t\t<p>Ce projet a d\u00e9but\u00e9 lors de ma participation \u00e0 une mission de science participative organis\u00e9e par Michel Labrecque (N2PIX) sur l\u2019atoll de Clipperton (1000 km \u00e0 l\u2019ouest du Mexique) \u00e0 bord du navire Quino El Guardian, avec \u00e0 bord 14 \u00e9co-touristes plongeurs et trois scientifiques, \u00e0 savoir Mauricio Hoyos (Mexique), Sandra Bessudo (Colombie) et Eric Clua (France). Cette mission a \u00e9t\u00e9 l\u2019occasion de capturer des requins pointes blanches (Carcharhinus albimarginatus) et des Galapagos (C. galapagensis) avec des tag acoustiques et satellitaires, afin d\u2019\u00e9tudier les mouvements de ces poissons \u00e0 l\u2019\u00e9chelle r\u00e9gionale; des pr\u00e9l\u00e8vements d\u2019ADN ont aussi \u00e9t\u00e9 effectu\u00e9s. L\u2019enjeu global est de mieux appr\u00e9hender les d\u00e9placements des requins migrateurs entre les archipels du Pacifique Est Tropical, notamment les Revillagigedo (Mexique) et les composantes du CMar \u00ab&nbsp;Corridor Maritime du Pacifique-Est-Tropical&nbsp;\u00bb incluant les Galapagos (Equateur), Malpelo (Colombie) et Cocos (Costa Rica). Ce projet doit contribuer \u00e0 ce qu\u2019\u00e0 termes, la France puisse int\u00e9grer le CMAR, sur la base d\u2019une protection effective de l\u2019atoll et des eaux de CLIPPERTON. Des missions de suivi se sont d\u00e9roul\u00e9es en 2018 (via l\u2019exp\u00e9dition TARA PACIFIQUE) et en 2019, en coop\u00e9ration avec le Mexique (sur le navire CARANZA FRAZER). Suite \u00e0 une pause li\u00e9e au COVUD19, une exp\u00e9dition en Mars 2024 a \u00e9t\u00e9 repouss\u00e9e au premier semestre 2025.<\/p>\n\n\t\t<\/div> <\/li><li class=\"\"><div class=\"row\">\n\t\t\t\t<div class=\"col-sm-6 col-md-3\"><div class=\"image\"><img src=https:\/\/www.ericclua.fr\/wp-content\/uploads\/2015\/12\/VISEO.png alt=\"Projet VISEO (2016-Pr\u00e9sent)\" class=\"img-responsive\"><div class=\"imageoverlay\"><i class=\"fa fa-search\"><\/i><\/div><\/div><\/div><div class=\"col-sm-6 col-md-9\"><div class=\"meta\"><h3>Projet VISEO (2016-Pr\u00e9sent)<\/h3><p>Valorisation Int\u00e9gr\u00e9e des Services Ecosyst\u00e9miques li\u00e9s \u00e0 l\u2019Observation des animaux embl\u00e9matiques<\/p><\/div><\/div><\/div>\n\t\t<div class=\"details\">\n\t\t\t<p>Ce projet vise \u00e0:<\/p>\n<ul>\n<li>Capitaliser et parfaire la connaissance scientifique servant de socle \u00e0 une utilisation durable des animaux embl\u00e9matiques \u00e0 travers l\u2019\u00e9cotourisme\u00a0;<\/li>\n<li>D\u00e9velopper une sp\u00e9cificit\u00e9 de l\u2019\u00e9cotourisme animalier en Polyn\u00e9sie fran\u00e7aise reposant sur la place des animaux embl\u00e9matiques dans la culture polyn\u00e9sienne, pour en faire un atout touristique international\u00a0;<\/li>\n<li>S\u2019inspirer des connaissances scientifiques pour d\u00e9finir ou am\u00e9liorer des outils op\u00e9rationnels tels que des codes de bonnes conduites et des contenus de savoirs culturels en fonction des activit\u00e9s et animaux concern\u00e9s\u00a0;<\/li>\n<li>Former des personnes ressources et relais dans les associations pour vulgariser les bonnes conduites et promouvoir la connaissance et le respect des animaux aupr\u00e8s des op\u00e9rateurs et des usagers\u00a0;<\/li>\n<li>D\u00e9velopper la science participative pour mieux impliquer la soci\u00e9t\u00e9 civile, en particulier les enfants, dans l\u2019utilisation durable des animaux embl\u00e9matiques;<\/li>\n<li>Promouvoir aupr\u00e8s des d\u00e9cideurs politique le d\u00e9veloppement d\u2019un cadre l\u00e9gislatif adapt\u00e9 aux enjeux de d\u00e9veloppement durable d\u2019un \u00e9cotourisme animalier en Polyn\u00e9sie fran\u00e7aise, attractif au niveau international.<\/li>\n<\/ul>\n\n\t\t<\/div> <\/li><li class=\"\"><div class=\"row\">\n\t\t\t\t<div class=\"col-sm-6 col-md-3\"><div class=\"image\"><img src=https:\/\/www.ericclua.fr\/wp-content\/uploads\/2015\/12\/ASAP2.png alt=\"Projet ASAP (Anti-Shark Attack Project) (2016-Pr\u00e9sent)\" class=\"img-responsive\"><div class=\"imageoverlay\"><i class=\"fa fa-search\"><\/i><\/div><\/div><\/div><div class=\"col-sm-6 col-md-9\"><div class=\"meta\"><h3>Projet ASAP (Anti-Shark Attack Project) (2016-Pr\u00e9sent)<\/h3><p>Compr\u00e9hension et gestion raisonn\u00e9e des attaques de requins sur l'homme<\/p><\/div><\/div><\/div>\n\t\t<div class=\"details\">\n\t\t\t<p>Bien que les attaques fatales de requin soient tr\u00e8s rares dans le monde, elles sont hyper-m\u00e9diatis\u00e9es et renforcent la vision n\u00e9gative par le public de ces animaux. Dans le cadre d\u2019attaques suivies du d\u00e9c\u00e8s d\u2019usagers de la mer, cette perception contribue \u00e0 la mise en \u0153uvre de campagnes aveugles d\u2019\u00e9radication des squales qui reposent sur l\u2019hypoth\u00e8se que chaque requin mat\u00e9rialise une probabilit\u00e9 non n\u00e9gligeable d\u2019attaquer un homme. Aussi, une r\u00e9duction du nombre de requin engendrerait une baisse du risque d\u2019attaque. Sauf \u00e0 conduire \u00e0 l\u2019\u00e9radication totale des animaux (peu envisageable) o\u00f9 \u00e0 capturer incidemment l\u2019animal responsable d\u2019une attaque (peu probable), cette hypoth\u00e8se est fausse et, au del\u00e0 du probl\u00e8me d\u00e9ontologique, entraine un co\u00fbt \u00e9cologique insupportable. Cette hypoth\u00e8se reposant sur la densit\u00e9 des requins peut \u00eatre qualifi\u00e9e d\u2019\u00a0\u00bbapproche \u00e9cologique\u00a0\u00bb. C\u2019est cette m\u00eame approche \u00ab\u00a0\u00e9cologique\u00a0\u00bb qui cherche, vainement \u00e0 ce jour, \u00e0 expliquer les attaques par des facteurs environnementaux ou anthropiques dont l\u2019\u00e9volution expliqueraient les attaques.<\/p>\n<p>Mon projet consiste \u00e0 promouvoir et tester l\u2019hypoth\u00e8se selon laquelle les attaques s\u2019expliqueraient plus efficacement avec une approche \u00ab\u00a0comportementale\u00a0\u00bb qui veut que de fa\u00e7on inh\u00e9rente \u00e0 leur statut de pr\u00e9dateurs apicaux extr\u00eamement flexibles, certains requins d\u00e9velopperaient de fa\u00e7on tr\u00e8s marginale et stochastique une affinit\u00e9 \u00ab\u00a0anormale\u00a0\u00bb pour l\u2019homme. Ainsi, la gestion efficace des attaques passerait non pas par des \u00e9tudes -telles que men\u00e9es actuellement- \u00e0 caract\u00e8re \u00ab\u00a0\u00e9cologique\u00a0\u00bb mais \u00e0 caract\u00e8re \u00ab\u00a0comportemental\u00a0\u00bb. Concr\u00e8tement, le nourrissage artificiel d\u2019une population de requins potentiellement dangereux permettrait de concentrer les requins afin de les identifier individuellement. Cette proximit\u00e9 permettrait non seulement d\u2019\u00e9valuer leur densit\u00e9 mais surtout leur \u00ab\u00a0personnalit\u00e9\u00a0\u00bb (notamment le comportement vis \u00e0 vis de l\u2019homme). Pour autant que l\u2019hypoth\u00e8se d\u2019une rar\u00e9faction des ressources alimentaires d\u2019une population donn\u00e9e de requins soit recevable en terme de facteur contributif aux attaques, un nourrissage intensif pourrait accessoirement servir d\u2019exutoire alimentaire en captant des agresseurs potentiels d\u2019\u00eatres humains. Cette hypoth\u00e8se de travail, qui rel\u00e8ve de l\u2019application au milieu marin du concept \u00ab\u00a0d\u2019animal \u00e0 probl\u00e8me\u00a0\u00bb d\u00e9velopp\u00e9 en milieu terrestre (lions, tigres, crocodiles, etc.), aurait le m\u00e9rite de d\u00e9samorcer des situations de blocage radical entre d\u00e9fenseurs d\u2019une \u00e9radication totale des requin et promoteurs de leur hyper-protection. Elle sugg\u00e8re que le probl\u00e8me des attaques pourrait \u00e0 terme se r\u00e9soudre avec l\u2019\u00e9limination, tr\u00e8s cibl\u00e9e et justifi\u00e9e, d\u2019individus \u00e0 risques, sans trop nuire \u00e0 la population globale.<\/p>\n\n\t\t<\/div> <\/li><li class=\"\"><div class=\"row\">\n\t\t\t\t<div class=\"col-sm-6 col-md-3\"><div class=\"image\"><img src=https:\/\/www.ericclua.fr\/wp-content\/uploads\/2015\/12\/FINPRINT-image-1024x548.png alt=\"Projet FINPRINT Polyn\u00e9sie fran\u00e7aise (2016-2018)\" class=\"img-responsive\"><div class=\"imageoverlay\"><i class=\"fa fa-search\"><\/i><\/div><\/div><\/div><div class=\"col-sm-6 col-md-9\"><div class=\"meta\"><h3>Projet FINPRINT Polyn\u00e9sie fran\u00e7aise (2016-2018)<\/h3><p>Etude des facteurs environnementaux et anthropiques expliquant la densit\u00e9 et la diversit\u00e9 sp\u00e9cifique des requins sur les pentes externes des r\u00e9cifs coralliens<\/p><\/div><\/div><\/div>\n\t\t<div class=\"details\">\n\t\t\t<p>Ce projet est la d\u00e9clinaison polyn\u00e9sienne d&#8217;une initiative internationale port\u00e9e essentiellement par des chercheurs am\u00e9ricains et australiens, sp\u00e9cialistes des \u00e9lasmobranches (voir https:\/\/globalfinprint.org\/). Elle a pour but de d\u00e9terminer les facteurs environnementaux et humains d\u00e9terminant, \u00e0 une macro-\u00e9chelle, la densit\u00e9 et la diversit\u00e9 sp\u00e9cifique des requins et des raies autour des r\u00e9cifs coralliens (essentiellement les pentes externes). La m\u00e9thode consiste \u00e0 utiliser un syst\u00e8me de cam\u00e9ras fix\u00e9es \u00e0 proximit\u00e9 d&#8217;un app\u00e2t afin d&#8217;attirer les poissons, et de les filmer pendant plusieurs dizaines de minutes (d\u00e9nomm\u00e9es BRUVs). En marge de ces informations, des relev\u00e9s sont effectu\u00e9s pour \u00e9valuer la biomasse en poissons disponibles pour l&#8217;alimentation dees pr\u00e9dateurs, les caract\u00e9ristiques du milieu et l&#8217;impact anthropique. En Polyn\u00e9sie fran\u00e7aise, six sites sont pr\u00e9-identifi\u00e9s pour la collecte de donn\u00e9es dont trois \u00eeles hautes (Moor\u00e9a, presqu&#8217;\u00eele de Tahiti et Maupiti) et trois atolls (Rangiroa, Apataki et Ahe) sur des missions qui s&#8217;\u00e9taleront entre novembre 2016 et juin 2017. Les sites ont \u00e9t\u00e9 choisis en fonction d&#8217;un gradient d\u00e9croissant de pression anthropique.<\/p>\n\n\t\t<\/div> <\/li><li class=\"\"><div class=\"row\">\n\t\t\t\t<div class=\"col-sm-6 col-md-3\"><div class=\"image\"><img src=https:\/\/www.ericclua.fr\/wp-content\/uploads\/2015\/12\/Projet-EcoReq-II-vignette.jpg alt=\"Projet ECOREQ II (2012-2016)\" class=\"img-responsive\"><div class=\"imageoverlay\"><i class=\"fa fa-search\"><\/i><\/div><\/div><\/div><div class=\"col-sm-6 col-md-9\"><div class=\"meta\"><h3>Projet ECOREQ II (2012-2016)<\/h3><p>Etude de la durabilit\u00e9 des interactions homme-requin dans le cadre du nourrissage artificiel des requins en Polyn\u00e9sie fran\u00e7aise.<\/p><\/div><\/div><\/div>\n\t\t<div class=\"details\">\n\t\t\t<p>Ce projet s\u2019inscrit dans la continuit\u00e9 du projet EcoReq I, d\u00e9crit ci-apr\u00e8s. Son lancement a \u00e9t\u00e9 rendu possible par l\u2019obtention d\u2019un appui financier du Minist\u00e8re de l\u2019Ecologie et du D\u00e9veloppement Durable, auquel devrait se rajouter l\u2019appui financier de l\u2019IFRECOR et du programme RESCCUE (sur financement de l\u2019Agence Fran\u00e7aise de D\u00e9veloppement). Ce nouveau projet poursuit l\u2019objectif d\u2019\u00e9tudier les effets du nourrissage sur les requins Citron. Le projet se veut n\u00e9anmoins plus large en int\u00e9grant d\u2019autres esp\u00e8ces de requins (tel que le Tigre) et d\u2019autres sites, tels que Bora-Bora. Il int\u00e8gre aussi un volet g\u00e9n\u00e9tique visant \u00e0 \u00e9valuer l\u2019impact potentiel du <em>feeding<\/em> sur la r\u00e9silience des populations de requins concern\u00e9s. Le comportement des animaux en intra-sp\u00e9cifique mais aussi en inter-sp\u00e9cifique (entre esp\u00e8ces de requins et avec l\u2019homme) est d\u00e9velopp\u00e9, notamment \u00e0 travers une th\u00e8se effectu\u00e9e par Pierpaolo Brena, sous ma co-direction avec Serge Planes. Enfin, la dimension \u00e9conomique est tr\u00e8s pr\u00e9sente avec un volet visant \u00e0 caract\u00e9riser le r\u00f4le des requins dans les services \u00e9cosyst\u00e9miques fournis autour de Moorea et l\u2019\u00e9tude de mise en place de m\u00e9canismes tels que le \u00ab\u00a0paiement pour services \u00e9cosyst\u00e9miques\u00a0\u00bb, notamment dans le secteur de l\u2019\u00e9cotourisme reposant sur le <em>feeding<\/em> ou simplement le <em>shark watching<\/em>. Des publications scientifiques ont d\u00e9j\u00e0 \u00e9t\u00e9 concr\u00e9tis\u00e9es sur ces sujets.<\/p>\n\n\t\t<\/div> <\/li><li class=\"\"><div class=\"row\">\n\t\t\t\t<div class=\"col-sm-6 col-md-3\"><div class=\"image\"><img src=https:\/\/www.ericclua.fr\/wp-content\/uploads\/2015\/12\/Projet-CHESTER-vignette.jpg alt=\"Projet CHESTER (2010-2012)\" class=\"img-responsive\"><div class=\"imageoverlay\"><i class=\"fa fa-search\"><\/i><\/div><\/div><\/div><div class=\"col-sm-6 col-md-9\"><div class=\"meta\"><h3>Projet CHESTER (2010-2012)<\/h3><p>Etude de la productivit\u00e9 biologique et de la connectivit\u00e9 de l\u2019archipel des Chesterfield au sein de la Mer de Corail.<\/p><\/div><\/div><\/div>\n\t\t<div class=\"details\">\n\t\t\t<p>Ce projet s\u2019est inscrit dans la dynamique de cr\u00e9ation d\u2019un partenariat entre la France et l\u2019Australie pour une gestion concert\u00e9e et durable de la Mer de Corail, initi\u00e9 en 2008 avec l\u2019appui de la cellule de coordination du programme CRISP. Les Chesterfield sont un archipel dans la Zone Economique Exclusive de la Nouvelle-Cal\u00e9donie, \u00e0 mi-chemin avec l\u2019Australie, en plein milieu de la Mer de Corail. Cet endroit est un maillon potentiel important de la connectivit\u00e9 entre ces deux \u00eeles de grande taille, pour les esp\u00e8ces structurant la r\u00e9silience des \u00e9cosyst\u00e8mes coralliens respectifs, tous deux class\u00e9s au patrimoine mondial de l\u2019Unesco.<\/p>\n<p>Sur la base d\u2019un financement entre le secr\u00e9tariat de la Communaut\u00e9 du Pacifique (CPS) et le Programme R\u00e9gional Oc\u00e9anien pour l\u2019Environnement (PROE), deux missions de prospection ont \u00e9t\u00e9 organis\u00e9es dans le cadre de ce projet, respectivement en juillet 2010 et novembre 2011. La premi\u00e8re mission r\u00e9unissait 12 scientifiques qui avaient pour objectif\u00a0de i) Capitaliser des informations concernant la diversit\u00e9 biologique de la zone en coraux scl\u00e9ractinaires, poissons osseux de r\u00e9cif, oiseaux et c\u00e9tac\u00e9s ; ii) Recueillir des informations sur l\u2019\u00e9tat de sant\u00e9 de l\u2019habitat corallien et l\u2019importance des populations de la zone en invert\u00e9br\u00e9s benthiques d\u2019int\u00e9r\u00eat commercial, poissons osseux d\u2019int\u00e9r\u00eat commercial, requins de r\u00e9cifs et grands requins, oiseaux et c\u00e9tac\u00e9s ; iii) Mettre en \u0153uvre une \u00e9tude sur l\u2019\u00e9cologie des grands requins fr\u00e9quentant la zone. La deuxi\u00e8me mission ne comportait que sept scientifiques qui se sont focalis\u00e9s sur le relev\u00e9 des pontes de tortues, le suivi de l\u2019avifaune et le comptage des requins de r\u00e9cifs et le marquage des grands requins. Deux rapports ont \u00e9t\u00e9 publi\u00e9s sur le sujet, de m\u00eame que des articles scientifiques.<\/p>\n\n\t\t<\/div> <\/li><li class=\"\"><div class=\"row\">\n\t\t\t\t<div class=\"col-sm-6 col-md-3\"><div class=\"image\"><img src=https:\/\/www.ericclua.fr\/wp-content\/uploads\/2015\/12\/Projet-Sharkal-vignette.jpg alt=\"Projet SHARKAL (2008-2012)\" class=\"img-responsive\"><div class=\"imageoverlay\"><i class=\"fa fa-search\"><\/i><\/div><\/div><\/div><div class=\"col-sm-6 col-md-9\"><div class=\"meta\"><h3>Projet SHARKAL (2008-2012)<\/h3><p>Etude de la connectivit\u00e9 des grands requins autour de la Nouvelle-Cal\u00e9donie et en Mer de Corail.<\/p><\/div><\/div><\/div>\n\t\t<div class=\"details\">\n\t\t\t<p>Ce projet est n\u00e9 de ma rencontre avec Jonathan Werry, alors qu\u2019il d\u00e9butait son PhD \u00e0 l\u2019Universit\u00e9 de Griffith, en Australie de l\u2019Est. Jonathan focalisait son PhD sur l\u2019\u00e9tude de l\u2019utilisation des habitats c\u00f4tiers par le requin Bouledogue (<em>Carcharhinus leucas<\/em>) et me proposait de valoriser son savoir-faire en mati\u00e8re de capture et marquage des grands requins pour lancer une \u00e9tude sur la connectivit\u00e9 des grands requins en Mer de Corail. Des contacts ont \u00e9t\u00e9 pris avec le CRIOBE en Polyn\u00e9sie fran\u00e7aise pour formaliser une collaboration technique sur le sujet, liant le Secr\u00e9tariat de la Communaut\u00e9 du Pacifique \u00e0 Noum\u00e9a, l\u2019Universit\u00e9 de Griffith en Australie et le CRIOBE en Polyn\u00e9sie fran\u00e7aise.<\/p>\n<p>Des financements ont \u00e9t\u00e9 obtenus par la cellule de coordination du CRISP notamment aupr\u00e8s de l\u2019Agence Fran\u00e7aise de D\u00e9veloppement, du Fonds Pacifique pour la coop\u00e9ration r\u00e9gionale, afin que J. Werry puisse effectuer un post-doc sur le sujet et d\u00e9velopper avec moi un programme de marquage d\u2019une quarantaine de requins Tigre (<em>Galeocerdo cuvier<\/em>) de part et d\u2019autre de la Mer de Corail, ainsi qu\u2019une douzaine de requins Bouledogues.<\/p>\n<p>Ce projet a d\u00e9bouch\u00e9 sur la publication de plusieurs articles scientifiques sur le sujet.<\/p>\n\n\t\t<\/div> <\/li><li class=\"\"><div class=\"row\">\n\t\t\t\t<div class=\"col-sm-6 col-md-3\"><div class=\"image\"><img src=https:\/\/www.ericclua.fr\/wp-content\/uploads\/2015\/12\/Projet-EcoReq-I-vignette.jpg alt=\"Projet ECOREQ I (2005-2010)\" class=\"img-responsive\"><div class=\"imageoverlay\"><i class=\"fa fa-search\"><\/i><\/div><\/div><\/div><div class=\"col-sm-6 col-md-9\"><div class=\"meta\"><h3>Projet ECOREQ I (2005-2010)<\/h3><p>Etude des effets du nourrissage artificiel sur l\u2019\u00e9cologie comportementale des requins Citron Faucille (Negaprion acutidens) en Polyn\u00e9sie fran\u00e7aise.<\/p><\/div><\/div><\/div>\n\t\t<div class=\"details\">\n\t\t\t<p>Ce projet est n\u00e9 de ma rencontre avec Nicolas Buray, alors moniteur de plong\u00e9e professionnel bas\u00e9 \u00e0 Moorea en Polyn\u00e9sie fran\u00e7aise. Passionn\u00e9 par les requins, Nicolas mettait \u00e0 profit ses plong\u00e9es journali\u00e8res d\u2019encadrement de touristes sur un site de <em>shark feeding<\/em> pour relever la pr\u00e9sence d\u2019une trentaine de requins Citron qu\u2019il \u00e9tait parvenu \u00e0 identifier individuellement.<\/p>\n<p>Apr\u00e8s avoir d\u00e9gag\u00e9 des financements issus de la cellule de coordination du programme CRISP, nous (Serge Planes du CRIOBE et moi-m\u00eame) avons propos\u00e9 \u00e0 N. Buray de pr\u00e9parer un dipl\u00f4me EPHE reposant sur l\u2019\u00e9tude des effets du nourrissage sur l\u2019\u00e9cologie comportementale de cette esp\u00e8ce. Outre la r\u00e9alisation de ce dipl\u00f4me soutenu en 2010, ce projet a permis la publication de plusieurs articles scientifiques li\u00e9s \u00e0 cette activit\u00e9 \u00e9cotouristique d\u00e9velopp\u00e9e sur Moorea.<\/p>\n\n\t\t<\/div> <\/li><\/ul>[\/vc_column][\/vc_row][vc_row][vc_column][vc_column_text][\/vc_column_text][\/vc_column][\/vc_row]<\/p>\n","protected":false},"excerpt":{"rendered":"<p>[vc_row][vc_column][vc_column_text][\/vc_column_text][\/vc_column][\/vc_row][vc_row][vc_column][vc_row_inner][vc_column_inner width=&#8221;2\/3&#8243;][vc_column_text]Mon focus scientifique concerne le r\u00f4le et le comportement des top-pr\u00e9dateurs marins au sein des \u00e9cosyst\u00e8mes, et les interactions [&hellip;]<\/p>\n","protected":false},"author":2,"featured_media":0,"parent":0,"menu_order":1,"comment_status":"open","ping_status":"closed","template":"page-pagebuilder.php","meta":{"footnotes":""},"class_list":["post-32","page","type-page","status-publish","hentry"],"_links":{"self":[{"href":"https:\/\/www.ericclua.fr\/en\/wp-json\/wp\/v2\/pages\/32"}],"collection":[{"href":"https:\/\/www.ericclua.fr\/en\/wp-json\/wp\/v2\/pages"}],"about":[{"href":"https:\/\/www.ericclua.fr\/en\/wp-json\/wp\/v2\/types\/page"}],"author":[{"embeddable":true,"href":"https:\/\/www.ericclua.fr\/en\/wp-json\/wp\/v2\/users\/2"}],"replies":[{"embeddable":true,"href":"https:\/\/www.ericclua.fr\/en\/wp-json\/wp\/v2\/comments?post=32"}],"version-history":[{"count":38,"href":"https:\/\/www.ericclua.fr\/en\/wp-json\/wp\/v2\/pages\/32\/revisions"}],"predecessor-version":[{"id":1620,"href":"https:\/\/www.ericclua.fr\/en\/wp-json\/wp\/v2\/pages\/32\/revisions\/1620"}],"wp:attachment":[{"href":"https:\/\/www.ericclua.fr\/en\/wp-json\/wp\/v2\/media?parent=32"}],"curies":[{"name":"wp","href":"https:\/\/api.w.org\/{rel}","templated":true}]}}