{"id":27,"date":"2015-12-07T17:20:48","date_gmt":"2015-12-07T16:20:48","guid":{"rendered":"http:\/\/localhost\/wp-faculty\/?page_id=27"},"modified":"2023-01-10T19:45:57","modified_gmt":"2023-01-10T18:45:57","slug":"contact","status":"publish","type":"page","link":"https:\/\/www.ericclua.fr\/en\/contact\/","title":{"rendered":"Contact"},"content":{"rendered":"<p>[vc_row][vc_column]<h1 class=\"fac-big-title fac-title text-left\" style=\"color:\">Contactez-moi ou rencontrez-moi<\/h1>\n[vc_row_inner][vc_column_inner width=&#8221;7\/12&#8243;][vc_column_text]<\/p>\n<div>\n<p>Mon ann\u00e9e se r\u00e9partit entre 6 mois pass\u00e9s en Polyn\u00e9sie fran\u00e7aise (bas\u00e9 \u00e0 Mo&#8217;orea), 4 mois pass\u00e9s en m\u00e9tropole (bas\u00e9 \u00e0 Perpignan) et 2 mois en mission (g\u00e9n\u00e9ralement Nouvelle-Cal\u00e9donie, Clipperton, Cara\u00efbe, etc.). Je suis en Polyn\u00e9sie g\u00e9n\u00e9ralement entre mars et juillet, puis novembre et d\u00e9cembre.<\/p>\n<p>Concernant les candidatures \u00e0 un stage, je demande un CV (si possible avec photo), une lettre de motivation mentionnant clairement le niveau et les dates de stage envisag\u00e9es, ainsi que l&#8217;accord de principe pour venir en Polyn\u00e9sie fran\u00e7aise par vos propres moyens. Vos fichiers devront int\u00e9grer votre nom, niveau acad\u00e9mique (pour le stage), nature du fichier et dates vis\u00e9es (exemple: DUPONT_M2_CV_stageJanv-Juin2018). Votre h\u00e9bergement et fonctionnement sont g\u00e9n\u00e9ralement pris en charge par le CRIOBE.<\/p>\n<p>Voir ci-dessous pour me contacter sur les sites de Polyn\u00e9sie fran\u00e7aise et m\u00e9tropole.<\/p><\/div>\n<div><\/div>\n<p>[\/vc_column_text][\/vc_column_inner][vc_column_inner width=&#8221;1\/12&#8243;][\/vc_column_inner][vc_column_inner width=&#8221;1\/3&#8243;]<ul class=\"list-unstyled\">\n\t\t\t<li class=\"\">\n\t\t\t\t<strong><i class=\"fa fa-phone\"><\/i>&nbsp;&nbsp;<\/strong>\n\t\t\t\t<span>Bureau : +33 (0) 4 68 66 20 00<\/span>\n\t\t\t<\/li>\n\t\t\t<li class=\"\">\n\t\t\t\t<strong><i class=\"fa fa-phone\"><\/i>&nbsp;&nbsp;<\/strong>\n\t\t\t\t<span>Bureau : +689 40 56 13 45<\/span>\n\t\t\t<\/li>\n\t\t\t<li class=\"\">\n\t\t\t\t<strong><i class=\"fa fa-envelope\"><\/i>&nbsp;&nbsp;<\/strong>\n\t\t\t\t<span><a href=\"mailto:eric.clua@univ-perp.fr\">eric.clua@univ-perp.fr<\/a><\/span>\n\t\t\t<\/li>\n\t\t\t<li class=\"\">\n\t\t\t\t<strong><i class=\"fa fa-envelope\"><\/i>&nbsp;&nbsp;<\/strong>\n\t\t\t\t<span><a href=\"mailto:eric.clua@gmail.com\">eric.clua@gmail.com<\/a><\/span>\n\t\t\t<\/li>\n\t\t\t<li class=\"\">\n\t\t\t\t<strong><i class=\"fa fa-skype\"><\/i>&nbsp;&nbsp;<\/strong>\n\t\t\t\t<span>ericclua<\/span>\n\t\t\t<\/li>\n\t\t\t<li class=\"\">\n\t\t\t\t<strong><i class=\"fa fa-twitter\"><\/i>&nbsp;&nbsp;<\/strong>\n\t\t\t\t<span><a href=\"https:\/\/twitter.com\/ericclua\" target=\"_blank\" rel=\"noopener\">@ericclua <\/a><\/span>\n\t\t\t<\/li>\n\t\t\t<li class=\"\">\n\t\t\t\t<strong><i class=\"fa fa-linkedin\"><\/i>&nbsp;&nbsp;<\/strong>\n\t\t\t\t<span><a href=\"https:\/\/www.linkedin.com\/in\/eric-clua-45a78ab8\" target=\"_blank\" rel=\"noopener\">eric-clua-45a78ab8<\/a><\/span>\n\t\t\t<\/li><\/ul>[\/vc_column_inner][\/vc_row_inner][\/vc_column][\/vc_row][vc_row bg_image=&#8221;179&#8243; el_class=&#8221;fix-bg&#8221;][vc_column width=&#8221;2\/3&#8243;]<h2 class=\"fac-title text-left\" style=\"color:\">Au laboratoire de Mo&#039;orea (Polyn\u00e9sie fran\u00e7aise)<\/h2>\n[vc_column_text]Je suis pr\u00e9sent en Polyn\u00e9sie fran\u00e7aise et bas\u00e9 au CRIOBE de Moorea (Baie d&#8217;Opunohu) environ 6 mois de l&#8217;ann\u00e9e, g\u00e9n\u00e9ralement entre mars et juin puis novembre et d\u00e9cembre. Me contacter au pr\u00e9alable par courriel pour fixer un rendez-vous. Depuis l&#8217;international, l&#8217;accession au CRIOBE se fait \u00e0 partir de l&#8217;a\u00e9roport international de Fa&#8217;a \u00e0 Tahiti. Il faut ensuite prendre un ferry (30 mn) \u00e0 partir de Papeete. Arriv\u00e9 au quai de Vaiare sur Mo&#8217;orea, il faut ensuite par la route environ 25 mn par voiture pour acc\u00e9der \u00e0 la Baie d&#8217;Opunohu.[\/vc_column_text][\/vc_column][vc_column width=&#8221;1\/3&#8243;][vc_single_image image=&#8221;1049&#8243; img_size=&#8221;full&#8221; alignment=&#8221;center&#8221;][\/vc_column][\/vc_row][vc_row bg_image=&#8221;182&#8243; el_class=&#8221;fix-bg&#8221; font_color=&#8221;#ffffff&#8221;][vc_column width=&#8221;1\/3&#8243;][vc_single_image image=&#8221;1048&#8243; img_size=&#8221;full&#8221; alignment=&#8221;center&#8221;][\/vc_column][vc_column width=&#8221;2\/3&#8243;]<h2 class=\"fac-title text-left\" style=\"color:\">Au laboratoire de Perpignan (France m\u00e9tropolitaine)<\/h2>\n[vc_column_text]Je suis pr\u00e9sent au laboratoire de Perpignan en moyenne 4 mois par an, g\u00e9n\u00e9ralement en janvier et f\u00e9vrier puis en septembre et octobre. Me contacter au pr\u00e9alable par courriel pour fixer un rendez-vous. Le laboratoire est sur le campus de l&#8217;universit\u00e9 de Perpignan, au b\u00e2timent R, accessible au N\u00b068 avenue Paul Alduy (voir plan ci-dessous).[\/vc_column_text][\/vc_column][\/vc_row][vc_row padding=&#8221;0px&#8221;][vc_column][vc_gmaps link=&#8221;#E-8_aHR0cHMlM0ElMkYlMkZ3d3cuZ29vZ2xlLmNvbSUyRm1hcHMlMkZlbWJlZCUzRnBiJTNEJTIxMW0xOCUyMTFtMTIlMjExbTMlMjExZDI5MzMuMDkzOTM1NzMzMjYwNCUyMTJkMi45MDA0NDAzMTUxODA0MDIlMjEzZDQyLjY4MDU1MjQ3OTE2NjclMjEybTMlMjExZjAlMjEyZjAlMjEzZjAlMjEzbTIlMjExaTEwMjQlMjEyaTc2OCUyMTRmMTMuMSUyMTNtMyUyMTFtMiUyMTFzMHgxMmIwNmZkMWZmN2MyZmJmJTI1M0EweGFjNGU1NWNkZGY4YjQ5ZDYlMjEyczY4JTJCQXYuJTJCUGF1bCUyQkFsZHV5JTI1MkMlMkI2NjEwMCUyQlBlcnBpZ25hbiUyNTJDJTJCRnJhbmNlJTIxNWUwJTIxM20yJTIxMXNmciUyMTJzdXMlMjE0djE0ODA3Mjc3MjE4NjI=&#8221; size=&#8221;300&#8243; type=&#8221;m&#8221; zoom=&#8221;14&#8243; bubble=&#8221;1&#8243;][\/vc_column][\/vc_row][vc_row][vc_column width=&#8221;1\/12&#8243;][\/vc_column][\/vc_row]<\/p>\n","protected":false},"excerpt":{"rendered":"<p>[vc_row][vc_column][vc_row_inner][vc_column_inner width=&#8221;7\/12&#8243;][vc_column_text] Mon ann\u00e9e se r\u00e9partit entre 6 mois pass\u00e9s en Polyn\u00e9sie fran\u00e7aise (bas\u00e9 \u00e0 Mo&#8217;orea), 4 mois pass\u00e9s en [&hellip;]<\/p>\n","protected":false},"author":2,"featured_media":0,"parent":0,"menu_order":5,"comment_status":"open","ping_status":"closed","template":"page-pagebuilder.php","meta":{"footnotes":""},"class_list":["post-27","page","type-page","status-publish","hentry"],"_links":{"self":[{"href":"https:\/\/www.ericclua.fr\/en\/wp-json\/wp\/v2\/pages\/27"}],"collection":[{"href":"https:\/\/www.ericclua.fr\/en\/wp-json\/wp\/v2\/pages"}],"about":[{"href":"https:\/\/www.ericclua.fr\/en\/wp-json\/wp\/v2\/types\/page"}],"author":[{"embeddable":true,"href":"https:\/\/www.ericclua.fr\/en\/wp-json\/wp\/v2\/users\/2"}],"replies":[{"embeddable":true,"href":"https:\/\/www.ericclua.fr\/en\/wp-json\/wp\/v2\/comments?post=27"}],"version-history":[{"count":31,"href":"https:\/\/www.ericclua.fr\/en\/wp-json\/wp\/v2\/pages\/27\/revisions"}],"predecessor-version":[{"id":1606,"href":"https:\/\/www.ericclua.fr\/en\/wp-json\/wp\/v2\/pages\/27\/revisions\/1606"}],"wp:attachment":[{"href":"https:\/\/www.ericclua.fr\/en\/wp-json\/wp\/v2\/media?parent=27"}],"curies":[{"name":"wp","href":"https:\/\/api.w.org\/{rel}","templated":true}]}}